{"id":167276,"date":"2025-09-02T18:16:05","date_gmt":"2025-09-02T16:16:05","guid":{"rendered":"https:\/\/factorialhr.com\/blog\/?post_type=factorial_video&#038;p=167276"},"modified":"2025-09-08T16:09:27","modified_gmt":"2025-09-08T14:09:27","slug":"debe-buen-lider-mostrar-vulnerabilidad","status":"publish","type":"factorial_video","link":"https:\/\/factorial.es\/blog\/factorial-play\/videos\/debe-buen-lider-mostrar-vulnerabilidad\/","title":{"rendered":"\u00bfDebe un buen l\u00edder mostrar vulnerabilidad?"},"featured_media":0,"template":"","meta":{"_acf_changed":false,"_video_type":"highlight","_related_series":167174,"_related_episode":167269,"_related_season":0,"_video_source":"vimeo","_youtube_video_id":"","_vimeo_video_id":"1113301591","_speaker_id":167144,"_video_description":"La gesti\u00f3n del equipo efectiva requiere que los l\u00edderes muestren su vulnerabilidad, seg\u00fan Etienne Ageneau. Un buen l\u00edder debe ser aut\u00e9ntico y conocerse a s\u00ed mismo, lo que se traduce en una comunicaci\u00f3n clara y sincera con los colaboradores. La gesti\u00f3n se fundamenta en tres pilares: el coraje, la atenci\u00f3n y el coraz\u00f3n. Esto implica prestar atenci\u00f3n a las necesidades del equipo y fomentar un entorno de seguridad psicol\u00f3gica, donde todos puedan expresarse. Adem\u00e1s, los l\u00edderes deben tener la valent\u00eda de tomar decisiones en un contexto incierto, equilibrando los intereses individuales y colectivos y alineando con los valores de la empresa. Este enfoque no solo fortalece la comunicaci\u00f3n, sino que tambi\u00e9n ayuda en el desarrollo de un plan de carreras efectivo. No te pierdas m\u00e1s consejos e ideas sobre liderazgo en el episodio completo.","_video_transcription":"60:16 - \u00bfDebe un buen l\u00edder mostrar su vulnerabilidad?S\u00ed, creo que es esencial.\n60:22 - Creo que un manager debe mostrarse tal como es.En Etincelle RH nos gusta decir que la gesti\u00f3n se basa en tres pilares, que son importantes.\n60:29 - La gesti\u00f3n basada en el coraje.La gesti\u00f3n basada en la atenci\u00f3n, la gesti\u00f3n basada en el coraz\u00f3n.\n60:33 - Y creo que eso es precisamente lo que significa gestionar con el coraz\u00f3n.\n60:35 - Es asumir tus emociones, asumir qui\u00e9n eres, saber expresarlo, conocerse bien.\n60:40 - No hay nada peor que un manager que no se conoce a s\u00ed mismo, que avanza en falsas apariencias.\n60:44 - En cualquier caso, creo que es esencial saber qui\u00e9nes somos, asumirlo.\n60:48 - La gesti\u00f3n mediante la atenci\u00f3n es precisamente eso, adem\u00e1s de eso.es prestar atenci\u00f3n a sus colaboradores para crear las condiciones de una buena seguridad psicol\u00f3gica que permitir\u00e1 a cada uno expresarse, a cada uno expresar qui\u00e9n es, qui\u00e9n es esencial.\n61:00 - Y luego, la gesti\u00f3n basada en el coraje, porque podemos ser quienes somos,Podemos estar emocionados, pero en un momento dado,tambi\u00e9n estamos aqu\u00ed para hacer funcionar una organizaci\u00f3n, para aportar desde el rendimiento hasta la organizaci\u00f3n.\n61:10 - Y luego hay que tomar decisiones, tomar decisiones.en un mundo incierto que no es evidente, que no es f\u00e1cil.\n61:15 - Por lo tanto, el manager tambi\u00e9n debe demostrar valent\u00eda en su capacidad para tomar decisiones,en la incertidumbre, en un mundo muy ambiguo y muy inestable.\n61:24 - Por lo tanto, para m\u00ed, un buen manager es alguien que que sabe mostrar su vulnerabilidad, que sabe prestar la atenci\u00f3n adecuada a sus colaboradores y a la organizaci\u00f3n, porque no debemos olvidar el inter\u00e9s colectivo y no debemos centrarse \u00fanicamente en el inter\u00e9s individual.\n61:36 - Y adem\u00e1s es un manager que sabe ser valiente.","_has_trailer":false,"_trailer_vimeo_id":""},"categories":[946],"factorial-categories":[],"class_list":["post-167276","factorial_video","type-factorial_video","status-publish","hentry","category-liderar-con-proposito"],"acf":[],"yoast_head":"<!-- This site is optimized with the Yoast SEO Premium plugin v21.5 (Yoast SEO v21.9.1) - https:\/\/yoast.com\/wordpress\/plugins\/seo\/ -->\n<title>\u00bfDebe un buen l\u00edder mostrar vulnerabilidad? | Factorial<\/title>\n<meta name=\"robots\" content=\"index, follow, max-snippet:-1, max-image-preview:large, max-video-preview:-1\" \/>\n<link rel=\"canonical\" href=\"https:\/\/factorial.es\/blog\/factorial-play\/videos\/debe-buen-lider-mostrar-vulnerabilidad\/\" \/>\n<meta property=\"og:locale\" content=\"es_ES\" \/>\n<meta property=\"og:type\" content=\"article\" \/>\n<meta property=\"og:title\" content=\"\u00bfDebe un buen l\u00edder mostrar vulnerabilidad?\" \/>\n<meta property=\"og:url\" content=\"https:\/\/factorial.es\/blog\/factorial-play\/videos\/debe-buen-lider-mostrar-vulnerabilidad\/\" \/>\n<meta property=\"og:site_name\" content=\"Factorial\" \/>\n<meta property=\"article:publisher\" content=\"https:\/\/www.facebook.com\/people\/Factorial\/100064908455810\/\" \/>\n<meta property=\"article:modified_time\" content=\"2025-09-08T14:09:27+00:00\" \/>\n<meta property=\"og:image\" content=\"https:\/\/factorial.es\/wp-content\/uploads\/2025\/11\/17131146\/factorial-open-graph.png\" \/>\n\t<meta property=\"og:image:width\" content=\"1200\" \/>\n\t<meta property=\"og:image:height\" content=\"628\" \/>\n\t<meta property=\"og:image:type\" content=\"image\/png\" \/>\n<meta name=\"twitter:card\" content=\"summary_large_image\" \/>\n<meta name=\"twitter:site\" content=\"@factorialapp\" \/>\n<script type=\"application\/ld+json\" class=\"yoast-schema-graph\">{\"@context\":\"https:\/\/schema.org\",\"@graph\":[{\"@type\":\"WebPage\",\"@id\":\"https:\/\/factorial.es\/blog\/factorial-play\/videos\/debe-buen-lider-mostrar-vulnerabilidad\/\",\"url\":\"https:\/\/factorial.es\/blog\/factorial-play\/videos\/debe-buen-lider-mostrar-vulnerabilidad\/\",\"name\":\"\u00bfDebe un buen l\u00edder mostrar vulnerabilidad? | Factorial\",\"isPartOf\":{\"@id\":\"https:\/\/factorial.es\/blog\/#website\"},\"datePublished\":\"2025-09-02T16:16:05+00:00\",\"dateModified\":\"2025-09-08T14:09:27+00:00\",\"inLanguage\":\"es\",\"potentialAction\":[{\"@type\":\"ReadAction\",\"target\":[\"https:\/\/factorial.es\/blog\/factorial-play\/videos\/debe-buen-lider-mostrar-vulnerabilidad\/\"]}]},{\"@type\":\"WebSite\",\"@id\":\"https:\/\/factorial.es\/blog\/#website\",\"url\":\"https:\/\/factorial.es\/blog\/\",\"name\":\"Factorial\",\"description\":\"\",\"publisher\":{\"@id\":\"https:\/\/factorial.es\/blog\/#organization\"},\"potentialAction\":[{\"@type\":\"SearchAction\",\"target\":{\"@type\":\"EntryPoint\",\"urlTemplate\":\"https:\/\/factorial.es\/blog\/?s={search_term_string}\"},\"query-input\":\"required name=search_term_string\"}],\"inLanguage\":\"es\"},{\"@type\":\"Organization\",\"@id\":\"https:\/\/factorial.es\/blog\/#organization\",\"name\":\"All-in-one business management software - Factorial\",\"url\":\"https:\/\/factorial.es\/blog\/\",\"logo\":{\"@type\":\"ImageObject\",\"inLanguage\":\"es\",\"@id\":\"https:\/\/factorial.es\/blog\/#\/schema\/logo\/image\/\",\"url\":\"https:\/\/factorial.es\/wp-content\/uploads\/2023\/07\/18155144\/factorial-logo.png\",\"contentUrl\":\"https:\/\/factorial.es\/wp-content\/uploads\/2023\/07\/18155144\/factorial-logo.png\",\"width\":946,\"height\":880,\"caption\":\"All-in-one business management software - Factorial\"},\"image\":{\"@id\":\"https:\/\/factorial.es\/blog\/#\/schema\/logo\/image\/\"},\"sameAs\":[\"https:\/\/www.facebook.com\/people\/Factorial\/100064908455810\/\",\"https:\/\/twitter.com\/factorialapp\",\"https:\/\/www.linkedin.com\/company\/factorialhr\",\"https:\/\/www.youtube.com\/@factorialmedia\",\"https:\/\/www.instagram.com\/factorial\/#\"]}]}<\/script>\n<!-- \/ Yoast SEO Premium plugin. -->","yoast_head_json":{"title":"\u00bfDebe un buen l\u00edder mostrar vulnerabilidad? | Factorial","robots":{"index":"index","follow":"follow","max-snippet":"max-snippet:-1","max-image-preview":"max-image-preview:large","max-video-preview":"max-video-preview:-1"},"canonical":"https:\/\/factorial.es\/blog\/factorial-play\/videos\/debe-buen-lider-mostrar-vulnerabilidad\/","og_locale":"es_ES","og_type":"article","og_title":"\u00bfDebe un buen l\u00edder mostrar vulnerabilidad?","og_url":"https:\/\/factorial.es\/blog\/factorial-play\/videos\/debe-buen-lider-mostrar-vulnerabilidad\/","og_site_name":"Factorial","article_publisher":"https:\/\/www.facebook.com\/people\/Factorial\/100064908455810\/","article_modified_time":"2025-09-08T14:09:27+00:00","og_image":[{"width":1200,"height":628,"url":"https:\/\/factorial.es\/wp-content\/uploads\/2025\/11\/17131146\/factorial-open-graph.png","type":"image\/png"}],"twitter_card":"summary_large_image","twitter_site":"@factorialapp","schema":{"@context":"https:\/\/schema.org","@graph":[{"@type":"WebPage","@id":"https:\/\/factorial.es\/blog\/factorial-play\/videos\/debe-buen-lider-mostrar-vulnerabilidad\/","url":"https:\/\/factorial.es\/blog\/factorial-play\/videos\/debe-buen-lider-mostrar-vulnerabilidad\/","name":"\u00bfDebe un buen l\u00edder mostrar vulnerabilidad? | Factorial","isPartOf":{"@id":"https:\/\/factorial.es\/blog\/#website"},"datePublished":"2025-09-02T16:16:05+00:00","dateModified":"2025-09-08T14:09:27+00:00","inLanguage":"es","potentialAction":[{"@type":"ReadAction","target":["https:\/\/factorial.es\/blog\/factorial-play\/videos\/debe-buen-lider-mostrar-vulnerabilidad\/"]}]},{"@type":"WebSite","@id":"https:\/\/factorial.es\/blog\/#website","url":"https:\/\/factorial.es\/blog\/","name":"Factorial","description":"","publisher":{"@id":"https:\/\/factorial.es\/blog\/#organization"},"potentialAction":[{"@type":"SearchAction","target":{"@type":"EntryPoint","urlTemplate":"https:\/\/factorial.es\/blog\/?s={search_term_string}"},"query-input":"required name=search_term_string"}],"inLanguage":"es"},{"@type":"Organization","@id":"https:\/\/factorial.es\/blog\/#organization","name":"All-in-one business management software - Factorial","url":"https:\/\/factorial.es\/blog\/","logo":{"@type":"ImageObject","inLanguage":"es","@id":"https:\/\/factorial.es\/blog\/#\/schema\/logo\/image\/","url":"https:\/\/factorial.es\/wp-content\/uploads\/2023\/07\/18155144\/factorial-logo.png","contentUrl":"https:\/\/factorial.es\/wp-content\/uploads\/2023\/07\/18155144\/factorial-logo.png","width":946,"height":880,"caption":"All-in-one business management software - Factorial"},"image":{"@id":"https:\/\/factorial.es\/blog\/#\/schema\/logo\/image\/"},"sameAs":["https:\/\/www.facebook.com\/people\/Factorial\/100064908455810\/","https:\/\/twitter.com\/factorialapp","https:\/\/www.linkedin.com\/company\/factorialhr","https:\/\/www.youtube.com\/@factorialmedia","https:\/\/www.instagram.com\/factorial\/#"]}]}},"_links":{"self":[{"href":"https:\/\/factorial.es\/blog\/wp-json\/wp\/v2\/factorial-videos\/167276"}],"collection":[{"href":"https:\/\/factorial.es\/blog\/wp-json\/wp\/v2\/factorial-videos"}],"about":[{"href":"https:\/\/factorial.es\/blog\/wp-json\/wp\/v2\/types\/factorial_video"}],"wp:attachment":[{"href":"https:\/\/factorial.es\/blog\/wp-json\/wp\/v2\/media?parent=167276"}],"wp:term":[{"taxonomy":"category","embeddable":true,"href":"https:\/\/factorial.es\/blog\/wp-json\/wp\/v2\/categories?post=167276"},{"taxonomy":"factorial_category","embeddable":true,"href":"https:\/\/factorial.es\/blog\/wp-json\/wp\/v2\/factorial-categories?post=167276"}],"curies":[{"name":"wp","href":"https:\/\/api.w.org\/{rel}","templated":true}]}}